{"id":10373,"date":"2024-02-21T09:35:34","date_gmt":"2024-02-21T08:35:34","guid":{"rendered":"https:\/\/lavia.cc\/gpx\/?page_id=10373"},"modified":"2024-08-16T14:04:09","modified_gmt":"2024-08-16T12:04:09","slug":"marco-contarelli-ilmog","status":"publish","type":"page","link":"https:\/\/lavia.cc\/gpx\/marco-contarelli-ilmog\/","title":{"rendered":"Marco Contarelli (ilMog)"},"content":{"rendered":"\t\t<div data-elementor-type=\"wp-page\" data-elementor-id=\"10373\" class=\"elementor elementor-10373\">\n\t\t\t\t<div class=\"elementor-element elementor-element-10ecfe7 e-flex e-con-boxed e-con e-child\" data-id=\"10ecfe7\" data-element_type=\"container\" data-e-type=\"container\">\n\t\t\t\t\t<div class=\"e-con-inner\">\n\t\t<div class=\"elementor-element elementor-element-f200e20 e-con-full e-flex e-con e-child\" data-id=\"f200e20\" data-element_type=\"container\" data-e-type=\"container\">\n\t\t<div class=\"elementor-element elementor-element-fdc51c3 e-con-full e-flex e-con e-child\" data-id=\"fdc51c3\" data-element_type=\"container\" data-e-type=\"container\" data-settings=\"{&quot;background_background&quot;:&quot;classic&quot;}\">\n\t\t<div class=\"elementor-element elementor-element-aedc314 e-con-full e-flex e-con e-child\" data-id=\"aedc314\" data-element_type=\"container\" data-e-type=\"container\">\n\t\t\t\t<div class=\"elementor-element elementor-element-928f8d8 elementor-widget__width-initial elementor-widget elementor-widget-image\" data-id=\"928f8d8\" data-element_type=\"widget\" data-e-type=\"widget\" data-widget_type=\"image.default\">\n\t\t\t\t<div class=\"elementor-widget-container\">\n\t\t\t\t\t\t\t\t\t\t\t\t\t\t\t\t<a href=\"https:\/\/lavia.cc\/gpx\/marco-contarelli-ilmog\/\">\n\t\t\t\t\t\t\t<img decoding=\"async\" width=\"176\" height=\"176\" src=\"https:\/\/lavia.cc\/gpx\/wp-content\/uploads\/2024\/02\/unnamed.jpg\" class=\"attachment-medium size-medium wp-image-10465\" alt=\"Marco Contarelli (ilMog) | Tracce GPX | LAVIA\" srcset=\"https:\/\/lavia.cc\/gpx\/wp-content\/uploads\/2024\/02\/unnamed.jpg 176w, https:\/\/lavia.cc\/gpx\/wp-content\/uploads\/2024\/02\/unnamed-100x100.jpg 100w, https:\/\/lavia.cc\/gpx\/wp-content\/uploads\/2024\/02\/unnamed-64x64.jpg 64w, https:\/\/lavia.cc\/gpx\/wp-content\/uploads\/2024\/02\/unnamed-150x150.jpg 150w\" sizes=\"(max-width: 176px) 100vw, 176px\" \/>\t\t\t\t\t\t\t\t<\/a>\n\t\t\t\t\t\t\t\t\t\t\t\t\t\t\t<\/div>\n\t\t\t\t<\/div>\n\t\t\t\t<div class=\"elementor-element elementor-element-f768219 elementor-widget__width-initial elementor-widget elementor-widget-text-editor\" data-id=\"f768219\" data-element_type=\"widget\" data-e-type=\"widget\" data-widget_type=\"text-editor.default\">\n\t\t\t\t<div class=\"elementor-widget-container\">\n\t\t\t\t\t\t\t\t\t<p>Ciclofotografo per passione, sempre alla ricerca di nuove strade, forestali, cementate. Perch\u00e9 anche attorno a dove si vive non si finisce mai di scoprire nuovi percorsi.<\/p><p>Il mio blog nasce dall\u2019idea di raccontare i luoghi ed i paesaggi che incontro nel mio girovagare con la bicicletta da corsa o gravel. Un ciclismo che guarda pi\u00f9 alla bellezza dei posti che attraversa che alla difficolt\u00e0 atletica del percorso, ma non dimentichiamoci che &#8220;se non \u00e8 su Strava non l&#8217;hai fatto&#8221;!<\/p><p>Celeberrimo per le sue <a href=\"https:\/\/www.instagram.com\/explore\/tags\/faccedamog\/\" target=\"_blank\" rel=\"noopener\">#FacceDaMog<\/a>, lo puoi trovare sui canali qui sotto! \ud83d\udc47<\/p>\t\t\t\t\t\t\t\t<\/div>\n\t\t\t\t<\/div>\n\t\t\t\t<\/div>\n\t\t\t\t<\/div>\n\t\t\t\t<div class=\"elementor-element elementor-element-79f8663 elementor-grid-5 elementor-shape-rounded e-grid-align-center elementor-widget elementor-widget-social-icons\" data-id=\"79f8663\" data-element_type=\"widget\" data-e-type=\"widget\" data-widget_type=\"social-icons.default\">\n\t\t\t\t<div class=\"elementor-widget-container\">\n\t\t\t\t\t\t\t<div class=\"elementor-social-icons-wrapper elementor-grid\" role=\"list\">\n\t\t\t\t\t\t\t<span class=\"elementor-grid-item\" role=\"listitem\">\n\t\t\t\t\t<a class=\"elementor-icon elementor-social-icon elementor-social-icon-instagram elementor-animation-push elementor-repeater-item-9bf0b73\" href=\"https:\/\/www.instagram.com\/ilmog___\/\" target=\"_blank\" rel=\"noopener\">\n\t\t\t\t\t\t<span class=\"elementor-screen-only\">Instagram<\/span>\n\t\t\t\t\t\t<i aria-hidden=\"true\" class=\"fab fa-instagram\"><\/i>\t\t\t\t\t<\/a>\n\t\t\t\t<\/span>\n\t\t\t\t\t\t\t<span class=\"elementor-grid-item\" role=\"listitem\">\n\t\t\t\t\t<a class=\"elementor-icon elementor-social-icon elementor-social-icon-youtube elementor-animation-push elementor-repeater-item-8bf01d6\" href=\"https:\/\/www.youtube.com\/@marcocontarelli7463\" target=\"_blank\" rel=\"noopener\">\n\t\t\t\t\t\t<span class=\"elementor-screen-only\">Youtube<\/span>\n\t\t\t\t\t\t<i aria-hidden=\"true\" class=\"fab fa-youtube\"><\/i>\t\t\t\t\t<\/a>\n\t\t\t\t<\/span>\n\t\t\t\t\t\t\t<span class=\"elementor-grid-item\" role=\"listitem\">\n\t\t\t\t\t<a class=\"elementor-icon elementor-social-icon elementor-social-icon-link elementor-animation-push elementor-repeater-item-3eb02b3\" href=\"https:\/\/ilmog.blog\/\" target=\"_blank\" rel=\"noopener\">\n\t\t\t\t\t\t<span class=\"elementor-screen-only\">Link<\/span>\n\t\t\t\t\t\t<i aria-hidden=\"true\" class=\"fas fa-link\"><\/i>\t\t\t\t\t<\/a>\n\t\t\t\t<\/span>\n\t\t\t\t\t\t\t<span class=\"elementor-grid-item\" role=\"listitem\">\n\t\t\t\t\t<a class=\"elementor-icon elementor-social-icon elementor-social-icon-strava elementor-animation-push elementor-repeater-item-26f3415\" href=\"https:\/\/www.strava.com\/athletes\/1160500\" target=\"_blank\" rel=\"noopener\">\n\t\t\t\t\t\t<span class=\"elementor-screen-only\">Strava<\/span>\n\t\t\t\t\t\t<i aria-hidden=\"true\" class=\"fab fa-strava\"><\/i>\t\t\t\t\t<\/a>\n\t\t\t\t<\/span>\n\t\t\t\t\t<\/div>\n\t\t\t\t\t\t<\/div>\n\t\t\t\t<\/div>\n\t\t<div class=\"elementor-element elementor-element-0bd035f e-con-full e-flex e-con e-child\" data-id=\"0bd035f\" data-element_type=\"container\" data-e-type=\"container\" data-settings=\"{&quot;background_background&quot;:&quot;classic&quot;}\">\n\t\t\t\t<div class=\"elementor-element elementor-element-9020d6a elementor-widget elementor-widget-heading\" data-id=\"9020d6a\" data-element_type=\"widget\" data-e-type=\"widget\" data-widget_type=\"heading.default\">\n\t\t\t\t<div class=\"elementor-widget-container\">\n\t\t\t\t\t<h5 class=\"elementor-heading-title elementor-size-default\">\ud83d\udc47 Scopri le mie TRACCE<\/h5>\t\t\t\t<\/div>\n\t\t\t\t<\/div>\n\t\t\t\t<\/div>\n\t\t<div class=\"elementor-element elementor-element-430e9ce e-con-full e-flex e-con e-child\" data-id=\"430e9ce\" data-element_type=\"container\" data-e-type=\"container\" data-settings=\"{&quot;background_background&quot;:&quot;classic&quot;}\">\n\t\t<div class=\"elementor-element elementor-element-c7c4739 e-con-full e-flex e-con e-child\" data-id=\"c7c4739\" data-element_type=\"container\" data-e-type=\"container\">\n\t\t\t\t<div class=\"elementor-element elementor-element-5dad21b elementor-widget elementor-widget-shortcode\" data-id=\"5dad21b\" data-element_type=\"widget\" data-e-type=\"widget\" data-widget_type=\"shortcode.default\">\n\t\t\t\t<div class=\"elementor-widget-container\">\n\t\t\t\t\t\t\t<div class=\"elementor-shortcode\"><div class=\"woocommerce columns-4 \"><ul class=\"products columns-4\" data-products=\"type-1\" data-hover=\"zoom-in\">\n<li class=\"product type-product post-12878 status-publish first instock product_cat-gravel product_tag-brescia product_tag-lombardia product_tag-lumezzane product_tag-val-trompia has-post-thumbnail downloadable virtual product-type-simple yith-wcbm-product-has-badges\">\n\t<a href=\"https:\/\/lavia.cc\/gpx\/tracce\/corna-di-sonclino-e-monte-ere-in-gravel\/\" class=\"woocommerce-LoopProduct-link woocommerce-loop-product__link\"><div class='container-image-and-badge  '><img fetchpriority=\"high\" decoding=\"async\" width=\"500\" height=\"500\" src=\"https:\/\/lavia.cc\/gpx\/wp-content\/uploads\/2024\/05\/Corna-di-Sonclino-e-Monte-Ere-in-gravel-500x500.webp\" class=\"attachment-woocommerce_thumbnail size-woocommerce_thumbnail\" alt=\"Sulla Corna di Sonclino in Gravel | Traccia GPX | LAVIA\" srcset=\"https:\/\/lavia.cc\/gpx\/wp-content\/uploads\/2024\/05\/Corna-di-Sonclino-e-Monte-Ere-in-gravel-500x500.webp 500w, https:\/\/lavia.cc\/gpx\/wp-content\/uploads\/2024\/05\/Corna-di-Sonclino-e-Monte-Ere-in-gravel-300x300.webp 300w, https:\/\/lavia.cc\/gpx\/wp-content\/uploads\/2024\/05\/Corna-di-Sonclino-e-Monte-Ere-in-gravel-1024x1024.webp 1024w, https:\/\/lavia.cc\/gpx\/wp-content\/uploads\/2024\/05\/Corna-di-Sonclino-e-Monte-Ere-in-gravel-150x150.webp 150w, https:\/\/lavia.cc\/gpx\/wp-content\/uploads\/2024\/05\/Corna-di-Sonclino-e-Monte-Ere-in-gravel-768x768.webp 768w, https:\/\/lavia.cc\/gpx\/wp-content\/uploads\/2024\/05\/Corna-di-Sonclino-e-Monte-Ere-in-gravel-1536x1536.webp 1536w, https:\/\/lavia.cc\/gpx\/wp-content\/uploads\/2024\/05\/Corna-di-Sonclino-e-Monte-Ere-in-gravel-600x600.webp 600w, https:\/\/lavia.cc\/gpx\/wp-content\/uploads\/2024\/05\/Corna-di-Sonclino-e-Monte-Ere-in-gravel-100x100.webp 100w, https:\/\/lavia.cc\/gpx\/wp-content\/uploads\/2024\/05\/Corna-di-Sonclino-e-Monte-Ere-in-gravel-64x64.webp 64w, https:\/\/lavia.cc\/gpx\/wp-content\/uploads\/2024\/05\/Corna-di-Sonclino-e-Monte-Ere-in-gravel.webp 1600w\" sizes=\"(max-width: 500px) 100vw, 500px\" \/>\n<div class='yith-wcbm-badge yith-wcbm-badge-10477 yith-wcbm-badge-text yith-wcbm-badge--on-product-12878 yith-wcbm-badge-text' data-position='{&quot;top&quot;:&quot;0&quot;,&quot;right&quot;:&quot;0&quot;,&quot;bottom&quot;:&quot;auto&quot;,&quot;left&quot;:&quot;auto&quot;}' data-transform=\"\">\n\t<div class='yith-wcbm-badge__wrap'>\n\t\t<div class=\"yith-wcbm-badge-text\"><p style=\"line-height: 16px;text-align: center\"><span style=\"color: #ffffff\"><strong>@ilmog___<\/strong><\/span><\/p><\/div>\n\t<\/div>\n<\/div>\n<!--yith-wcbm-badge-->\n<\/div><!--container-image-and-badge--><h2 class=\"woocommerce-loop-product__title\">Corna di Sonclino e Monte Ere in gravel<\/h2>\n<\/a><a href=\"https:\/\/lavia.cc\/gpx\/tracce\/corna-di-sonclino-e-monte-ere-in-gravel\/\" aria-describedby=\"woocommerce_loop_add_to_cart_link_describedby_12878\" data-quantity=\"1\" class=\"button product_type_simple\" data-product_id=\"12878\" data-product_sku=\"\" aria-label=\"Leggi di pi\u00f9 su &quot;Corna di Sonclino e Monte Ere in gravel&quot;\" rel=\"nofollow\" data-success_message=\"\">Download GPX<\/a>\t<span id=\"woocommerce_loop_add_to_cart_link_describedby_12878\" class=\"screen-reader-text\">\n\t\t\t<\/span>\n<\/li>\n<li class=\"product type-product post-10548 status-publish instock product_cat-gravel product_tag-brescia product_tag-lago-di-garda product_tag-lessinia product_tag-lombardia product_tag-valpolicella product_tag-r-veneto product_tag-verona has-post-thumbnail downloadable virtual product-type-simple yith-wcbm-product-has-badges\">\n\t<a href=\"https:\/\/lavia.cc\/gpx\/tracce\/la-translessinia-gravel-dal-lago-di-garda\/\" class=\"woocommerce-LoopProduct-link woocommerce-loop-product__link\"><div class='container-image-and-badge  '><img decoding=\"async\" width=\"500\" height=\"500\" src=\"https:\/\/lavia.cc\/gpx\/wp-content\/uploads\/2024\/02\/18a5a1c73ab-500x500.jpg\" class=\"attachment-woocommerce_thumbnail size-woocommerce_thumbnail\" alt=\"La TransLessinia in Gravel | Traccia GPX | LAVIA\" srcset=\"https:\/\/lavia.cc\/gpx\/wp-content\/uploads\/2024\/02\/18a5a1c73ab-500x500.jpg 500w, https:\/\/lavia.cc\/gpx\/wp-content\/uploads\/2024\/02\/18a5a1c73ab-100x100.jpg 100w, https:\/\/lavia.cc\/gpx\/wp-content\/uploads\/2024\/02\/18a5a1c73ab-600x600.jpg 600w, https:\/\/lavia.cc\/gpx\/wp-content\/uploads\/2024\/02\/18a5a1c73ab-64x64.jpg 64w, https:\/\/lavia.cc\/gpx\/wp-content\/uploads\/2024\/02\/18a5a1c73ab-300x300.jpg 300w, https:\/\/lavia.cc\/gpx\/wp-content\/uploads\/2024\/02\/18a5a1c73ab-1024x1024.jpg 1024w, https:\/\/lavia.cc\/gpx\/wp-content\/uploads\/2024\/02\/18a5a1c73ab-150x150.jpg 150w, https:\/\/lavia.cc\/gpx\/wp-content\/uploads\/2024\/02\/18a5a1c73ab-768x768.jpg 768w, https:\/\/lavia.cc\/gpx\/wp-content\/uploads\/2024\/02\/18a5a1c73ab.jpg 1151w\" sizes=\"(max-width: 500px) 100vw, 500px\" \/>\n<div class='yith-wcbm-badge yith-wcbm-badge-10477 yith-wcbm-badge-text yith-wcbm-badge--on-product-10548 yith-wcbm-badge-text' data-position='{&quot;top&quot;:&quot;0&quot;,&quot;right&quot;:&quot;0&quot;,&quot;bottom&quot;:&quot;auto&quot;,&quot;left&quot;:&quot;auto&quot;}' data-transform=\"\">\n\t<div class='yith-wcbm-badge__wrap'>\n\t\t<div class=\"yith-wcbm-badge-text\"><p style=\"line-height: 16px;text-align: center\"><span style=\"color: #ffffff\"><strong>@ilmog___<\/strong><\/span><\/p><\/div>\n\t<\/div>\n<\/div>\n<!--yith-wcbm-badge-->\n<\/div><!--container-image-and-badge--><h2 class=\"woocommerce-loop-product__title\">La TransLessinia in Gravel (dal Lago di Garda)<\/h2>\n<\/a><a href=\"https:\/\/lavia.cc\/gpx\/tracce\/la-translessinia-gravel-dal-lago-di-garda\/\" aria-describedby=\"woocommerce_loop_add_to_cart_link_describedby_10548\" data-quantity=\"1\" class=\"button product_type_simple\" data-product_id=\"10548\" data-product_sku=\"\" aria-label=\"Leggi di pi\u00f9 su &quot;La TransLessinia in Gravel (dal Lago di Garda)&quot;\" rel=\"nofollow\" data-success_message=\"\">Download GPX<\/a>\t<span id=\"woocommerce_loop_add_to_cart_link_describedby_10548\" class=\"screen-reader-text\">\n\t\t\t<\/span>\n<\/li>\n<li class=\"product type-product post-10469 status-publish instock product_cat-gravel product_cat-mtb product_tag-brescia product_tag-lago-didro product_tag-lago-di-garda product_tag-lombardia product_tag-valle-sabbia has-post-thumbnail downloadable virtual product-type-simple yith-wcbm-product-has-badges\">\n\t<a href=\"https:\/\/lavia.cc\/gpx\/tracce\/agb-trail-parco-alto-garda-bresciano\/\" class=\"woocommerce-LoopProduct-link woocommerce-loop-product__link\"><div class='container-image-and-badge  '><img loading=\"lazy\" decoding=\"async\" width=\"500\" height=\"500\" src=\"https:\/\/lavia.cc\/gpx\/wp-content\/uploads\/2024\/02\/0-1-500x500.jpg\" class=\"attachment-woocommerce_thumbnail size-woocommerce_thumbnail\" alt=\"AGB Trail | Traccia GPX | Gravel | Brescia | LAVIA\" srcset=\"https:\/\/lavia.cc\/gpx\/wp-content\/uploads\/2024\/02\/0-1-500x500.jpg 500w, https:\/\/lavia.cc\/gpx\/wp-content\/uploads\/2024\/02\/0-1-100x100.jpg 100w, https:\/\/lavia.cc\/gpx\/wp-content\/uploads\/2024\/02\/0-1-600x600.jpg 600w, https:\/\/lavia.cc\/gpx\/wp-content\/uploads\/2024\/02\/0-1-64x64.jpg 64w, https:\/\/lavia.cc\/gpx\/wp-content\/uploads\/2024\/02\/0-1-300x300.jpg 300w, https:\/\/lavia.cc\/gpx\/wp-content\/uploads\/2024\/02\/0-1-1024x1024.jpg 1024w, https:\/\/lavia.cc\/gpx\/wp-content\/uploads\/2024\/02\/0-1-150x150.jpg 150w, https:\/\/lavia.cc\/gpx\/wp-content\/uploads\/2024\/02\/0-1-768x768.jpg 768w, https:\/\/lavia.cc\/gpx\/wp-content\/uploads\/2024\/02\/0-1.jpg 1224w\" sizes=\"(max-width: 500px) 100vw, 500px\" \/>\n<div class='yith-wcbm-badge yith-wcbm-badge-10477 yith-wcbm-badge-text yith-wcbm-badge--on-product-10469 yith-wcbm-badge-text' data-position='{&quot;top&quot;:&quot;0&quot;,&quot;right&quot;:&quot;0&quot;,&quot;bottom&quot;:&quot;auto&quot;,&quot;left&quot;:&quot;auto&quot;}' data-transform=\"\">\n\t<div class='yith-wcbm-badge__wrap'>\n\t\t<div class=\"yith-wcbm-badge-text\"><p style=\"line-height: 16px;text-align: center\"><span style=\"color: #ffffff\"><strong>@ilmog___<\/strong><\/span><\/p><\/div>\n\t<\/div>\n<\/div>\n<!--yith-wcbm-badge-->\n<\/div><!--container-image-and-badge--><h2 class=\"woocommerce-loop-product__title\">AGB Trail (Parco dell&#8217;Alto Garda Bresciano)<\/h2>\n<\/a><a href=\"https:\/\/lavia.cc\/gpx\/tracce\/agb-trail-parco-alto-garda-bresciano\/\" aria-describedby=\"woocommerce_loop_add_to_cart_link_describedby_10469\" data-quantity=\"1\" class=\"button product_type_simple\" data-product_id=\"10469\" data-product_sku=\"\" aria-label=\"Leggi di pi\u00f9 su &quot;AGB Trail (Parco dell&#039;Alto Garda Bresciano)&quot;\" rel=\"nofollow\" data-success_message=\"\">Download GPX<\/a>\t<span id=\"woocommerce_loop_add_to_cart_link_describedby_10469\" class=\"screen-reader-text\">\n\t\t\t<\/span>\n<\/li>\n<\/ul>\n<\/div><\/div>\n\t\t\t\t\t\t<\/div>\n\t\t\t\t<\/div>\n\t\t\t\t<\/div>\n\t\t\t\t<\/div>\n\t\t\t\t<\/div>\n\t\t\t\t\t<\/div>\n\t\t\t\t<\/div>\n\t\t\t\t<\/div>\n\t\t","protected":false},"excerpt":{"rendered":"<p>Ciclofotografo per passione, sempre alla ricerca di nuove strade, forestali, cementate. Perch\u00e9 anche attorno a dove si vive non si finisce mai di scoprire nuovi percorsi. Il mio blog nasce dall\u2019idea di raccontare i luoghi ed i paesaggi che incontro nel mio girovagare con la bicicletta da corsa o gravel. Un ciclismo che guarda pi\u00f9 [&hellip;]<\/p>\n","protected":false},"author":1,"featured_media":0,"parent":0,"menu_order":0,"comment_status":"closed","ping_status":"closed","template":"","meta":{"footnotes":""},"categories":[],"tags":[],"class_list":["post-10373","page","type-page","status-publish","hentry"],"blocksy_meta":{"styles_descriptor":{"styles":{"desktop":"","tablet":"","mobile":""},"google_fonts":[],"version":6}},"_links":{"self":[{"href":"https:\/\/lavia.cc\/gpx\/wp-json\/wp\/v2\/pages\/10373","targetHints":{"allow":["GET"]}}],"collection":[{"href":"https:\/\/lavia.cc\/gpx\/wp-json\/wp\/v2\/pages"}],"about":[{"href":"https:\/\/lavia.cc\/gpx\/wp-json\/wp\/v2\/types\/page"}],"author":[{"embeddable":true,"href":"https:\/\/lavia.cc\/gpx\/wp-json\/wp\/v2\/users\/1"}],"replies":[{"embeddable":true,"href":"https:\/\/lavia.cc\/gpx\/wp-json\/wp\/v2\/comments?post=10373"}],"version-history":[{"count":16,"href":"https:\/\/lavia.cc\/gpx\/wp-json\/wp\/v2\/pages\/10373\/revisions"}],"predecessor-version":[{"id":15494,"href":"https:\/\/lavia.cc\/gpx\/wp-json\/wp\/v2\/pages\/10373\/revisions\/15494"}],"wp:attachment":[{"href":"https:\/\/lavia.cc\/gpx\/wp-json\/wp\/v2\/media?parent=10373"}],"wp:term":[{"taxonomy":"category","embeddable":true,"href":"https:\/\/lavia.cc\/gpx\/wp-json\/wp\/v2\/categories?post=10373"},{"taxonomy":"post_tag","embeddable":true,"href":"https:\/\/lavia.cc\/gpx\/wp-json\/wp\/v2\/tags?post=10373"}],"curies":[{"name":"wp","href":"https:\/\/api.w.org\/{rel}","templated":true}]}}