{"id":9261,"date":"2024-01-14T17:42:28","date_gmt":"2024-01-14T16:42:28","guid":{"rendered":"https:\/\/lavia.cc\/gpx\/?page_id=9261"},"modified":"2024-07-22T22:42:25","modified_gmt":"2024-07-22T20:42:25","slug":"pietro-franzese","status":"publish","type":"page","link":"https:\/\/lavia.cc\/gpx\/pietro-franzese\/","title":{"rendered":"Pietro Franzese"},"content":{"rendered":"\t\t<div data-elementor-type=\"wp-page\" data-elementor-id=\"9261\" class=\"elementor elementor-9261\">\n\t\t\t\t<div class=\"elementor-element elementor-element-d5e997a e-flex e-con-boxed e-con e-child\" data-id=\"d5e997a\" data-element_type=\"container\" data-e-type=\"container\">\n\t\t\t\t\t<div class=\"e-con-inner\">\n\t\t<div class=\"elementor-element elementor-element-6476bbe e-con-full e-flex e-con e-child\" data-id=\"6476bbe\" data-element_type=\"container\" data-e-type=\"container\">\n\t\t<div class=\"elementor-element elementor-element-f155516 e-con-full e-flex e-con e-child\" data-id=\"f155516\" data-element_type=\"container\" data-e-type=\"container\" data-settings=\"{&quot;background_background&quot;:&quot;classic&quot;}\">\n\t\t<div class=\"elementor-element elementor-element-21e22f6 e-con-full e-flex e-con e-child\" data-id=\"21e22f6\" data-element_type=\"container\" data-e-type=\"container\">\n\t\t\t\t<div class=\"elementor-element elementor-element-56e1bd0 elementor-widget__width-initial elementor-widget elementor-widget-image\" data-id=\"56e1bd0\" data-element_type=\"widget\" data-e-type=\"widget\" data-widget_type=\"image.default\">\n\t\t\t\t<div class=\"elementor-widget-container\">\n\t\t\t\t\t\t\t\t\t\t\t\t\t\t\t\t<a href=\"https:\/\/lavia.cc\/gpx\/pietro-franzese\">\n\t\t\t\t\t\t\t<img fetchpriority=\"high\" decoding=\"async\" width=\"300\" height=\"300\" src=\"https:\/\/lavia.cc\/gpx\/wp-content\/uploads\/2024\/01\/370895427_257592703768996_3433270140730748567_n-300x300.jpg\" class=\"attachment-medium size-medium wp-image-9263\" alt=\"Pietro Franzese | Tracce GPX | LAVIA\" srcset=\"https:\/\/lavia.cc\/gpx\/wp-content\/uploads\/2024\/01\/370895427_257592703768996_3433270140730748567_n-300x300.jpg 300w, https:\/\/lavia.cc\/gpx\/wp-content\/uploads\/2024\/01\/370895427_257592703768996_3433270140730748567_n-500x500.jpg 500w, https:\/\/lavia.cc\/gpx\/wp-content\/uploads\/2024\/01\/370895427_257592703768996_3433270140730748567_n-100x100.jpg 100w, https:\/\/lavia.cc\/gpx\/wp-content\/uploads\/2024\/01\/370895427_257592703768996_3433270140730748567_n-600x600.jpg 600w, https:\/\/lavia.cc\/gpx\/wp-content\/uploads\/2024\/01\/370895427_257592703768996_3433270140730748567_n-64x64.jpg 64w, https:\/\/lavia.cc\/gpx\/wp-content\/uploads\/2024\/01\/370895427_257592703768996_3433270140730748567_n-1024x1024.jpg 1024w, https:\/\/lavia.cc\/gpx\/wp-content\/uploads\/2024\/01\/370895427_257592703768996_3433270140730748567_n-150x150.jpg 150w, https:\/\/lavia.cc\/gpx\/wp-content\/uploads\/2024\/01\/370895427_257592703768996_3433270140730748567_n-768x768.jpg 768w, https:\/\/lavia.cc\/gpx\/wp-content\/uploads\/2024\/01\/370895427_257592703768996_3433270140730748567_n.jpg 1080w\" sizes=\"(max-width: 300px) 100vw, 300px\" \/>\t\t\t\t\t\t\t\t<\/a>\n\t\t\t\t\t\t\t\t\t\t\t\t\t\t\t<\/div>\n\t\t\t\t<\/div>\n\t\t\t\t<div class=\"elementor-element elementor-element-66dcc1c elementor-widget__width-initial elementor-widget elementor-widget-text-editor\" data-id=\"66dcc1c\" data-element_type=\"widget\" data-e-type=\"widget\" data-widget_type=\"text-editor.default\">\n\t\t\t\t<div class=\"elementor-widget-container\">\n\t\t\t\t\t\t\t\t\t<p>Un giorno ho ripescato per caso da un canale una bici a scatto fisso e me ne sono innamorato.<\/p>\n<p>Dopo qualche anno, ho deciso che la fixed non sarebbe stata solo il mio mezzo di trasporto principale, ma che mi avrebbe anche accompagnato nei miei viaggi. E cos\u00ec \u00e8 stato.<\/p>\n<p>Ho percorso pi\u00f9 di 50.000 km in fixed. Ho viaggiato in Austria, Belgio, Francia, Germania, Italia, Olanda, Ungheria, Slovacchia, Inghilterra, Irlanda, Spagna, Portogallo e Marocco senza cambiare mai marcia.<\/p>\n<p>E un giorno viagger\u00f2 tutto il mondo!\ud83c\udf0d<\/p>\t\t\t\t\t\t\t\t<\/div>\n\t\t\t\t<\/div>\n\t\t\t\t<\/div>\n\t\t\t\t<\/div>\n\t\t\t\t<div class=\"elementor-element elementor-element-7a0fa98 elementor-grid-5 elementor-shape-rounded e-grid-align-center elementor-widget elementor-widget-social-icons\" data-id=\"7a0fa98\" data-element_type=\"widget\" data-e-type=\"widget\" data-widget_type=\"social-icons.default\">\n\t\t\t\t<div class=\"elementor-widget-container\">\n\t\t\t\t\t\t\t<div class=\"elementor-social-icons-wrapper elementor-grid\" role=\"list\">\n\t\t\t\t\t\t\t<span class=\"elementor-grid-item\" role=\"listitem\">\n\t\t\t\t\t<a class=\"elementor-icon elementor-social-icon elementor-social-icon-instagram elementor-animation-push elementor-repeater-item-9bf0b73\" href=\"http:\/\/instagram.com\/pietro_franzese\" target=\"_blank\" rel=\"noopener\">\n\t\t\t\t\t\t<span class=\"elementor-screen-only\">Instagram<\/span>\n\t\t\t\t\t\t<i aria-hidden=\"true\" class=\"fab fa-instagram\"><\/i>\t\t\t\t\t<\/a>\n\t\t\t\t<\/span>\n\t\t\t\t\t\t\t<span class=\"elementor-grid-item\" role=\"listitem\">\n\t\t\t\t\t<a class=\"elementor-icon elementor-social-icon elementor-social-icon-youtube elementor-animation-push elementor-repeater-item-8bf01d6\" href=\"https:\/\/www.youtube.com\/c\/PietroFranzese\" target=\"_blank\" rel=\"noopener\">\n\t\t\t\t\t\t<span class=\"elementor-screen-only\">Youtube<\/span>\n\t\t\t\t\t\t<i aria-hidden=\"true\" class=\"fab fa-youtube\"><\/i>\t\t\t\t\t<\/a>\n\t\t\t\t<\/span>\n\t\t\t\t\t\t\t<span class=\"elementor-grid-item\" role=\"listitem\">\n\t\t\t\t\t<a class=\"elementor-icon elementor-social-icon elementor-social-icon-telegram elementor-animation-push elementor-repeater-item-eb50fae\" href=\"http:\/\/t.me\/pietrofranzeseofficial\" target=\"_blank\">\n\t\t\t\t\t\t<span class=\"elementor-screen-only\">Telegram<\/span>\n\t\t\t\t\t\t<i aria-hidden=\"true\" class=\"fab fa-telegram\"><\/i>\t\t\t\t\t<\/a>\n\t\t\t\t<\/span>\n\t\t\t\t\t\t\t<span class=\"elementor-grid-item\" role=\"listitem\">\n\t\t\t\t\t<a class=\"elementor-icon elementor-social-icon elementor-social-icon-spotify elementor-animation-push elementor-repeater-item-2283d68\" href=\"https:\/\/open.spotify.com\/show\/5ha5TLmh5NpA7qyAQVApdF?utm_medium=share&#038;utm_source=linktree\" target=\"_blank\" rel=\"noopener\">\n\t\t\t\t\t\t<span class=\"elementor-screen-only\">Spotify<\/span>\n\t\t\t\t\t\t<i aria-hidden=\"true\" class=\"fab fa-spotify\"><\/i>\t\t\t\t\t<\/a>\n\t\t\t\t<\/span>\n\t\t\t\t\t\t\t<span class=\"elementor-grid-item\" role=\"listitem\">\n\t\t\t\t\t<a class=\"elementor-icon elementor-social-icon elementor-social-icon-link elementor-animation-push elementor-repeater-item-3eb02b3\" href=\"http:\/\/pietrofranzese.com\" target=\"_blank\" rel=\"noopener\">\n\t\t\t\t\t\t<span class=\"elementor-screen-only\">Link<\/span>\n\t\t\t\t\t\t<i aria-hidden=\"true\" class=\"fas fa-link\"><\/i>\t\t\t\t\t<\/a>\n\t\t\t\t<\/span>\n\t\t\t\t\t<\/div>\n\t\t\t\t\t\t<\/div>\n\t\t\t\t<\/div>\n\t\t<div class=\"elementor-element elementor-element-a48af41 e-con-full e-flex e-con e-child\" data-id=\"a48af41\" data-element_type=\"container\" data-e-type=\"container\" data-settings=\"{&quot;background_background&quot;:&quot;classic&quot;}\">\n\t\t\t\t<div class=\"elementor-element elementor-element-cbd76c1 elementor-widget elementor-widget-heading\" data-id=\"cbd76c1\" data-element_type=\"widget\" data-e-type=\"widget\" data-widget_type=\"heading.default\">\n\t\t\t\t<div class=\"elementor-widget-container\">\n\t\t\t\t\t<h5 class=\"elementor-heading-title elementor-size-default\">\ud83d\udc47 Scopri le mie TRACCE<\/h5>\t\t\t\t<\/div>\n\t\t\t\t<\/div>\n\t\t\t\t<\/div>\n\t\t<div class=\"elementor-element elementor-element-d34b2a1 e-con-full e-flex e-con e-child\" data-id=\"d34b2a1\" data-element_type=\"container\" data-e-type=\"container\" data-settings=\"{&quot;background_background&quot;:&quot;classic&quot;}\">\n\t\t<div class=\"elementor-element elementor-element-b1ad2f1 e-con-full e-flex e-con e-child\" data-id=\"b1ad2f1\" data-element_type=\"container\" data-e-type=\"container\">\n\t\t\t\t<div class=\"elementor-element elementor-element-ecd6fce elementor-widget elementor-widget-shortcode\" data-id=\"ecd6fce\" data-element_type=\"widget\" data-e-type=\"widget\" data-widget_type=\"shortcode.default\">\n\t\t\t\t<div class=\"elementor-widget-container\">\n\t\t\t\t\t\t\t<div class=\"elementor-shortcode\"><div class=\"woocommerce columns-4 \"><ul class=\"products columns-4\" data-products=\"type-1\" data-hover=\"zoom-in\">\n<li class=\"product type-product post-21787 status-publish first instock product_cat-gravel product_tag-biella product_tag-piemonte has-post-thumbnail downloadable virtual product-type-simple yith-wcbm-product-has-badges\">\n\t<a href=\"https:\/\/lavia.cc\/gpx\/tracce\/gravellata-nel-biellese-pietro-franzese-gravel\/\" class=\"woocommerce-LoopProduct-link woocommerce-loop-product__link\"><div class='container-image-and-badge  '><img decoding=\"async\" width=\"500\" height=\"500\" src=\"https:\/\/lavia.cc\/gpx\/wp-content\/uploads\/2025\/04\/1921ae2c368-500x500.jpg\" class=\"attachment-woocommerce_thumbnail size-woocommerce_thumbnail\" alt=\"Gravellata nel biellese | Traccia GPX | Pietro Franzese | LAVIA\" srcset=\"https:\/\/lavia.cc\/gpx\/wp-content\/uploads\/2025\/04\/1921ae2c368-500x500.jpg 500w, https:\/\/lavia.cc\/gpx\/wp-content\/uploads\/2025\/04\/1921ae2c368-300x300.jpg 300w, https:\/\/lavia.cc\/gpx\/wp-content\/uploads\/2025\/04\/1921ae2c368-1024x1024.jpg 1024w, https:\/\/lavia.cc\/gpx\/wp-content\/uploads\/2025\/04\/1921ae2c368-150x150.jpg 150w, https:\/\/lavia.cc\/gpx\/wp-content\/uploads\/2025\/04\/1921ae2c368-768x768.jpg 768w, https:\/\/lavia.cc\/gpx\/wp-content\/uploads\/2025\/04\/1921ae2c368-1536x1536.jpg 1536w, https:\/\/lavia.cc\/gpx\/wp-content\/uploads\/2025\/04\/1921ae2c368-2048x2048.jpg 2048w, https:\/\/lavia.cc\/gpx\/wp-content\/uploads\/2025\/04\/1921ae2c368-600x600.jpg 600w, https:\/\/lavia.cc\/gpx\/wp-content\/uploads\/2025\/04\/1921ae2c368-100x100.jpg 100w, https:\/\/lavia.cc\/gpx\/wp-content\/uploads\/2025\/04\/1921ae2c368-64x64.jpg 64w\" sizes=\"(max-width: 500px) 100vw, 500px\" \/>\n<div class='yith-wcbm-badge yith-wcbm-badge-9241 yith-wcbm-badge-text yith-wcbm-badge--on-product-21787 yith-wcbm-badge-text' data-position='{&quot;top&quot;:&quot;0&quot;,&quot;right&quot;:&quot;0&quot;,&quot;bottom&quot;:&quot;auto&quot;,&quot;left&quot;:&quot;auto&quot;}' data-transform=\"\">\n\t<div class='yith-wcbm-badge__wrap'>\n\t\t<div class=\"yith-wcbm-badge-text\"><p style=\"line-height: 16px;text-align: center\"><span style=\"color: #ffffff\"><strong>@pietro_franzese<\/strong><\/span><\/p><\/div>\n\t<\/div>\n<\/div>\n<!--yith-wcbm-badge-->\n<\/div><!--container-image-and-badge--><h2 class=\"woocommerce-loop-product__title\">Gravellata nel biellese<\/h2>\n<\/a><a href=\"https:\/\/lavia.cc\/gpx\/tracce\/gravellata-nel-biellese-pietro-franzese-gravel\/\" aria-describedby=\"woocommerce_loop_add_to_cart_link_describedby_21787\" data-quantity=\"1\" class=\"button product_type_simple\" data-product_id=\"21787\" data-product_sku=\"\" aria-label=\"Leggi di pi\u00f9 su &quot;Gravellata nel biellese&quot;\" rel=\"nofollow\" data-success_message=\"\">Download GPX<\/a>\t<span id=\"woocommerce_loop_add_to_cart_link_describedby_21787\" class=\"screen-reader-text\">\n\t\t\t<\/span>\n<\/li>\n<li class=\"product type-product post-17482 status-publish instock product_cat-gravel product_tag-lombardia product_tag-pavia product_tag-varzi product_tag-voghera has-post-thumbnail downloadable virtual product-type-simple yith-wcbm-product-has-badges\">\n\t<a href=\"https:\/\/lavia.cc\/gpx\/tracce\/gravellando-nelloltrepo-pavese\/\" class=\"woocommerce-LoopProduct-link woocommerce-loop-product__link\"><div class='container-image-and-badge  '><img decoding=\"async\" width=\"500\" height=\"500\" src=\"https:\/\/lavia.cc\/gpx\/wp-content\/uploads\/2024\/10\/Gravel-nellOlrepo-Pavese-500x500.jpg\" class=\"attachment-woocommerce_thumbnail size-woocommerce_thumbnail\" alt=\"Gravel nell&#039;Oltrep\u00f2 Pavese | Pietro Franzese | LAVIA | Traccia GPX\" srcset=\"https:\/\/lavia.cc\/gpx\/wp-content\/uploads\/2024\/10\/Gravel-nellOlrepo-Pavese-500x500.jpg 500w, https:\/\/lavia.cc\/gpx\/wp-content\/uploads\/2024\/10\/Gravel-nellOlrepo-Pavese-300x300.jpg 300w, https:\/\/lavia.cc\/gpx\/wp-content\/uploads\/2024\/10\/Gravel-nellOlrepo-Pavese-1024x1024.jpg 1024w, https:\/\/lavia.cc\/gpx\/wp-content\/uploads\/2024\/10\/Gravel-nellOlrepo-Pavese-150x150.jpg 150w, https:\/\/lavia.cc\/gpx\/wp-content\/uploads\/2024\/10\/Gravel-nellOlrepo-Pavese-768x768.jpg 768w, https:\/\/lavia.cc\/gpx\/wp-content\/uploads\/2024\/10\/Gravel-nellOlrepo-Pavese-600x600.jpg 600w, https:\/\/lavia.cc\/gpx\/wp-content\/uploads\/2024\/10\/Gravel-nellOlrepo-Pavese-100x100.jpg 100w, https:\/\/lavia.cc\/gpx\/wp-content\/uploads\/2024\/10\/Gravel-nellOlrepo-Pavese-64x64.jpg 64w, https:\/\/lavia.cc\/gpx\/wp-content\/uploads\/2024\/10\/Gravel-nellOlrepo-Pavese.jpg 1536w\" sizes=\"(max-width: 500px) 100vw, 500px\" \/>\n<div class='yith-wcbm-badge yith-wcbm-badge-9241 yith-wcbm-badge-text yith-wcbm-badge--on-product-17482 yith-wcbm-badge-text' data-position='{&quot;top&quot;:&quot;0&quot;,&quot;right&quot;:&quot;0&quot;,&quot;bottom&quot;:&quot;auto&quot;,&quot;left&quot;:&quot;auto&quot;}' data-transform=\"\">\n\t<div class='yith-wcbm-badge__wrap'>\n\t\t<div class=\"yith-wcbm-badge-text\"><p style=\"line-height: 16px;text-align: center\"><span style=\"color: #ffffff\"><strong>@pietro_franzese<\/strong><\/span><\/p><\/div>\n\t<\/div>\n<\/div>\n<!--yith-wcbm-badge-->\n<\/div><!--container-image-and-badge--><h2 class=\"woocommerce-loop-product__title\">Gravellando nell&#8217;Oltrep\u00f2 Pavese<\/h2>\n<\/a><a href=\"https:\/\/lavia.cc\/gpx\/tracce\/gravellando-nelloltrepo-pavese\/\" aria-describedby=\"woocommerce_loop_add_to_cart_link_describedby_17482\" data-quantity=\"1\" class=\"button product_type_simple\" data-product_id=\"17482\" data-product_sku=\"\" aria-label=\"Leggi di pi\u00f9 su &quot;Gravellando nell&#039;Oltrep\u00f2 Pavese&quot;\" rel=\"nofollow\" data-success_message=\"\">Download GPX<\/a>\t<span id=\"woocommerce_loop_add_to_cart_link_describedby_17482\" class=\"screen-reader-text\">\n\t\t\t<\/span>\n<\/li>\n<li class=\"product type-product post-14325 status-publish instock product_cat-cicloturismo product_tag-lombardia product_tag-magenta product_tag-sesto-calende product_tag-varese has-post-thumbnail downloadable virtual product-type-simple yith-wcbm-product-has-badges\">\n\t<a href=\"https:\/\/lavia.cc\/gpx\/tracce\/la-ciclabile-del-ticino-lombardia\/\" class=\"woocommerce-LoopProduct-link woocommerce-loop-product__link\"><div class='container-image-and-badge  '><img loading=\"lazy\" decoding=\"async\" width=\"500\" height=\"500\" src=\"https:\/\/lavia.cc\/gpx\/wp-content\/uploads\/2024\/07\/2-2-500x500.jpg\" class=\"attachment-woocommerce_thumbnail size-woocommerce_thumbnail\" alt=\"La Pista Ciclabile del Ticino | Traccia GPX | LAVIA\" srcset=\"https:\/\/lavia.cc\/gpx\/wp-content\/uploads\/2024\/07\/2-2-500x500.jpg 500w, https:\/\/lavia.cc\/gpx\/wp-content\/uploads\/2024\/07\/2-2-100x100.jpg 100w, https:\/\/lavia.cc\/gpx\/wp-content\/uploads\/2024\/07\/2-2-600x600.jpg 600w, https:\/\/lavia.cc\/gpx\/wp-content\/uploads\/2024\/07\/2-2-64x64.jpg 64w, https:\/\/lavia.cc\/gpx\/wp-content\/uploads\/2024\/07\/2-2-300x300.jpg 300w, https:\/\/lavia.cc\/gpx\/wp-content\/uploads\/2024\/07\/2-2-1024x1024.jpg 1024w, https:\/\/lavia.cc\/gpx\/wp-content\/uploads\/2024\/07\/2-2-150x150.jpg 150w, https:\/\/lavia.cc\/gpx\/wp-content\/uploads\/2024\/07\/2-2-768x768.jpg 768w, https:\/\/lavia.cc\/gpx\/wp-content\/uploads\/2024\/07\/2-2.jpg 1080w\" sizes=\"(max-width: 500px) 100vw, 500px\" \/>\n<div class='yith-wcbm-badge yith-wcbm-badge-9241 yith-wcbm-badge-text yith-wcbm-badge--on-product-14325 yith-wcbm-badge-text' data-position='{&quot;top&quot;:&quot;0&quot;,&quot;right&quot;:&quot;0&quot;,&quot;bottom&quot;:&quot;auto&quot;,&quot;left&quot;:&quot;auto&quot;}' data-transform=\"\">\n\t<div class='yith-wcbm-badge__wrap'>\n\t\t<div class=\"yith-wcbm-badge-text\"><p style=\"line-height: 16px;text-align: center\"><span style=\"color: #ffffff\"><strong>@pietro_franzese<\/strong><\/span><\/p><\/div>\n\t<\/div>\n<\/div>\n<!--yith-wcbm-badge-->\n<\/div><!--container-image-and-badge--><h2 class=\"woocommerce-loop-product__title\">La Ciclabile del Ticino<\/h2>\n<\/a><a href=\"https:\/\/lavia.cc\/gpx\/tracce\/la-ciclabile-del-ticino-lombardia\/\" aria-describedby=\"woocommerce_loop_add_to_cart_link_describedby_14325\" data-quantity=\"1\" class=\"button product_type_simple\" data-product_id=\"14325\" data-product_sku=\"\" aria-label=\"Leggi di pi\u00f9 su &quot;La Ciclabile del Ticino&quot;\" rel=\"nofollow\" data-success_message=\"\">Download GPX<\/a>\t<span id=\"woocommerce_loop_add_to_cart_link_describedby_14325\" class=\"screen-reader-text\">\n\t\t\t<\/span>\n<\/li>\n<li class=\"product type-product post-14336 status-publish last instock product_cat-gravel product_tag-bormio product_tag-lombardia product_tag-sondrio product_tag-valtellina has-post-thumbnail downloadable virtual product-type-simple yith-wcbm-product-has-badges\">\n\t<a href=\"https:\/\/lavia.cc\/gpx\/tracce\/gravel-a-bormio-e-dintorni-percorso-ad-anello\/\" class=\"woocommerce-LoopProduct-link woocommerce-loop-product__link\"><div class='container-image-and-badge  '><img loading=\"lazy\" decoding=\"async\" width=\"500\" height=\"500\" src=\"https:\/\/lavia.cc\/gpx\/wp-content\/uploads\/2024\/07\/2-3-500x500.jpg\" class=\"attachment-woocommerce_thumbnail size-woocommerce_thumbnail\" alt=\"Gravel a Bormio | Giro ad anello | Traccia GPX | LAVIA\" srcset=\"https:\/\/lavia.cc\/gpx\/wp-content\/uploads\/2024\/07\/2-3-500x500.jpg 500w, https:\/\/lavia.cc\/gpx\/wp-content\/uploads\/2024\/07\/2-3-100x100.jpg 100w, https:\/\/lavia.cc\/gpx\/wp-content\/uploads\/2024\/07\/2-3-600x600.jpg 600w, https:\/\/lavia.cc\/gpx\/wp-content\/uploads\/2024\/07\/2-3-64x64.jpg 64w, https:\/\/lavia.cc\/gpx\/wp-content\/uploads\/2024\/07\/2-3-300x300.jpg 300w, https:\/\/lavia.cc\/gpx\/wp-content\/uploads\/2024\/07\/2-3-1024x1024.jpg 1024w, https:\/\/lavia.cc\/gpx\/wp-content\/uploads\/2024\/07\/2-3-150x150.jpg 150w, https:\/\/lavia.cc\/gpx\/wp-content\/uploads\/2024\/07\/2-3-768x768.jpg 768w, https:\/\/lavia.cc\/gpx\/wp-content\/uploads\/2024\/07\/2-3.jpg 1080w\" sizes=\"(max-width: 500px) 100vw, 500px\" \/>\n<div class='yith-wcbm-badge yith-wcbm-badge-9241 yith-wcbm-badge-text yith-wcbm-badge--on-product-14336 yith-wcbm-badge-text' data-position='{&quot;top&quot;:&quot;0&quot;,&quot;right&quot;:&quot;0&quot;,&quot;bottom&quot;:&quot;auto&quot;,&quot;left&quot;:&quot;auto&quot;}' data-transform=\"\">\n\t<div class='yith-wcbm-badge__wrap'>\n\t\t<div class=\"yith-wcbm-badge-text\"><p style=\"line-height: 16px;text-align: center\"><span style=\"color: #ffffff\"><strong>@pietro_franzese<\/strong><\/span><\/p><\/div>\n\t<\/div>\n<\/div>\n<!--yith-wcbm-badge-->\n<\/div><!--container-image-and-badge--><h2 class=\"woocommerce-loop-product__title\">Gravel a Bormio e dintorni &#8211; Percorso ad anello<\/h2>\n<\/a><a href=\"https:\/\/lavia.cc\/gpx\/tracce\/gravel-a-bormio-e-dintorni-percorso-ad-anello\/\" aria-describedby=\"woocommerce_loop_add_to_cart_link_describedby_14336\" data-quantity=\"1\" class=\"button product_type_simple\" data-product_id=\"14336\" data-product_sku=\"\" aria-label=\"Leggi di pi\u00f9 su &quot;Gravel a Bormio e dintorni - Percorso ad anello&quot;\" rel=\"nofollow\" data-success_message=\"\">Download GPX<\/a>\t<span id=\"woocommerce_loop_add_to_cart_link_describedby_14336\" class=\"screen-reader-text\">\n\t\t\t<\/span>\n<\/li>\n<li class=\"product type-product post-14395 status-publish first instock product_cat-cicloturismo product_tag-emilia-romagna product_tag-forli-cesena product_tag-rimini has-post-thumbnail downloadable virtual product-type-simple yith-wcbm-product-has-badges\">\n\t<a href=\"https:\/\/lavia.cc\/gpx\/tracce\/romagna-odissey-bikepacking-5-tappe\/\" class=\"woocommerce-LoopProduct-link woocommerce-loop-product__link\"><div class='container-image-and-badge  '><img loading=\"lazy\" decoding=\"async\" width=\"500\" height=\"500\" src=\"https:\/\/lavia.cc\/gpx\/wp-content\/uploads\/2024\/07\/18f83006629-500x500.jpg\" class=\"attachment-woocommerce_thumbnail size-woocommerce_thumbnail\" alt=\"Romagna Odissey | 5 Tappe | Traccia GPX | Pietro Franzese | LAVIA\" srcset=\"https:\/\/lavia.cc\/gpx\/wp-content\/uploads\/2024\/07\/18f83006629-500x500.jpg 500w, https:\/\/lavia.cc\/gpx\/wp-content\/uploads\/2024\/07\/18f83006629-100x100.jpg 100w, https:\/\/lavia.cc\/gpx\/wp-content\/uploads\/2024\/07\/18f83006629-600x600.jpg 600w, https:\/\/lavia.cc\/gpx\/wp-content\/uploads\/2024\/07\/18f83006629-64x64.jpg 64w, https:\/\/lavia.cc\/gpx\/wp-content\/uploads\/2024\/07\/18f83006629-300x300.jpg 300w, https:\/\/lavia.cc\/gpx\/wp-content\/uploads\/2024\/07\/18f83006629-1024x1024.jpg 1024w, https:\/\/lavia.cc\/gpx\/wp-content\/uploads\/2024\/07\/18f83006629-150x150.jpg 150w, https:\/\/lavia.cc\/gpx\/wp-content\/uploads\/2024\/07\/18f83006629-768x768.jpg 768w, https:\/\/lavia.cc\/gpx\/wp-content\/uploads\/2024\/07\/18f83006629.jpg 1536w\" sizes=\"(max-width: 500px) 100vw, 500px\" \/>\n<div class='yith-wcbm-badge yith-wcbm-badge-9241 yith-wcbm-badge-text yith-wcbm-badge--on-product-14395 yith-wcbm-badge-text' data-position='{&quot;top&quot;:&quot;0&quot;,&quot;right&quot;:&quot;0&quot;,&quot;bottom&quot;:&quot;auto&quot;,&quot;left&quot;:&quot;auto&quot;}' data-transform=\"\">\n\t<div class='yith-wcbm-badge__wrap'>\n\t\t<div class=\"yith-wcbm-badge-text\"><p style=\"line-height: 16px;text-align: center\"><span style=\"color: #ffffff\"><strong>@pietro_franzese<\/strong><\/span><\/p><\/div>\n\t<\/div>\n<\/div>\n<!--yith-wcbm-badge-->\n<\/div><!--container-image-and-badge--><h2 class=\"woocommerce-loop-product__title\">Romagna Odissey &#8211; 5 Tappe<\/h2>\n<\/a><a href=\"https:\/\/lavia.cc\/gpx\/tracce\/romagna-odissey-bikepacking-5-tappe\/\" aria-describedby=\"woocommerce_loop_add_to_cart_link_describedby_14395\" data-quantity=\"1\" class=\"button product_type_simple\" data-product_id=\"14395\" data-product_sku=\"\" aria-label=\"Leggi di pi\u00f9 su &quot;Romagna Odissey - 5 Tappe&quot;\" rel=\"nofollow\" data-success_message=\"\">Download GPX<\/a>\t<span id=\"woocommerce_loop_add_to_cart_link_describedby_14395\" class=\"screen-reader-text\">\n\t\t\t<\/span>\n<\/li>\n<li class=\"product type-product post-11734 status-publish instock product_cat-escursionismo product_tag-lago-di-como product_tag-lecco product_tag-lombardia product_tag-vendrogno has-post-thumbnail downloadable virtual product-type-simple yith-wcbm-product-has-badges\">\n\t<a href=\"https:\/\/lavia.cc\/gpx\/tracce\/escursione-big-bench-dellalpe-giumello\/\" class=\"woocommerce-LoopProduct-link woocommerce-loop-product__link\"><div class='container-image-and-badge  '><img loading=\"lazy\" decoding=\"async\" width=\"500\" height=\"500\" src=\"https:\/\/lavia.cc\/gpx\/wp-content\/uploads\/2024\/04\/18eb9be6a54-1-500x500.jpg\" class=\"attachment-woocommerce_thumbnail size-woocommerce_thumbnail\" alt=\"Escursione ad anello in Valsassina | Big Bench dell&#039;Alpe Giumello | Traccia GPX | LAVIA\" srcset=\"https:\/\/lavia.cc\/gpx\/wp-content\/uploads\/2024\/04\/18eb9be6a54-1-500x500.jpg 500w, https:\/\/lavia.cc\/gpx\/wp-content\/uploads\/2024\/04\/18eb9be6a54-1-100x100.jpg 100w, https:\/\/lavia.cc\/gpx\/wp-content\/uploads\/2024\/04\/18eb9be6a54-1-600x600.jpg 600w, https:\/\/lavia.cc\/gpx\/wp-content\/uploads\/2024\/04\/18eb9be6a54-1-64x64.jpg 64w, https:\/\/lavia.cc\/gpx\/wp-content\/uploads\/2024\/04\/18eb9be6a54-1-300x300.jpg 300w, https:\/\/lavia.cc\/gpx\/wp-content\/uploads\/2024\/04\/18eb9be6a54-1-1024x1024.jpg 1024w, https:\/\/lavia.cc\/gpx\/wp-content\/uploads\/2024\/04\/18eb9be6a54-1-150x150.jpg 150w, https:\/\/lavia.cc\/gpx\/wp-content\/uploads\/2024\/04\/18eb9be6a54-1-768x768.jpg 768w, https:\/\/lavia.cc\/gpx\/wp-content\/uploads\/2024\/04\/18eb9be6a54-1.jpg 1536w\" sizes=\"(max-width: 500px) 100vw, 500px\" \/>\n<div class='yith-wcbm-badge yith-wcbm-badge-9241 yith-wcbm-badge-text yith-wcbm-badge--on-product-11734 yith-wcbm-badge-text' data-position='{&quot;top&quot;:&quot;0&quot;,&quot;right&quot;:&quot;0&quot;,&quot;bottom&quot;:&quot;auto&quot;,&quot;left&quot;:&quot;auto&quot;}' data-transform=\"\">\n\t<div class='yith-wcbm-badge__wrap'>\n\t\t<div class=\"yith-wcbm-badge-text\"><p style=\"line-height: 16px;text-align: center\"><span style=\"color: #ffffff\"><strong>@pietro_franzese<\/strong><\/span><\/p><\/div>\n\t<\/div>\n<\/div>\n<!--yith-wcbm-badge-->\n<\/div><!--container-image-and-badge--><h2 class=\"woocommerce-loop-product__title\">Borghi antichi della Valsassina e Big Bench dell&#8217;Alpe Giumello<\/h2>\n<\/a><a href=\"https:\/\/lavia.cc\/gpx\/tracce\/escursione-big-bench-dellalpe-giumello\/\" aria-describedby=\"woocommerce_loop_add_to_cart_link_describedby_11734\" data-quantity=\"1\" class=\"button product_type_simple\" data-product_id=\"11734\" data-product_sku=\"\" aria-label=\"Leggi di pi\u00f9 su &quot;Borghi antichi della Valsassina e Big Bench dell&#039;Alpe Giumello&quot;\" rel=\"nofollow\" data-success_message=\"\">Download GPX<\/a>\t<span id=\"woocommerce_loop_add_to_cart_link_describedby_11734\" class=\"screen-reader-text\">\n\t\t\t<\/span>\n<\/li>\n<li class=\"product type-product post-11259 status-publish instock product_cat-cicloturismo product_tag-avigliana product_tag-giaveno product_tag-piemonte product_tag-torino has-post-thumbnail downloadable virtual product-type-simple yith-wcbm-product-has-badges\">\n\t<a href=\"https:\/\/lavia.cc\/gpx\/tracce\/salita-alla-sacra-di-san-michele-in-bici\/\" class=\"woocommerce-LoopProduct-link woocommerce-loop-product__link\"><div class='container-image-and-badge  '><img loading=\"lazy\" decoding=\"async\" width=\"500\" height=\"500\" src=\"https:\/\/lavia.cc\/gpx\/wp-content\/uploads\/2024\/03\/18d09aec8f9-500x500.jpg\" class=\"attachment-woocommerce_thumbnail size-woocommerce_thumbnail\" alt=\"Salita alla Sacra di San Michele in bici | Pietro Franzese | Traccia GPX\" srcset=\"https:\/\/lavia.cc\/gpx\/wp-content\/uploads\/2024\/03\/18d09aec8f9-500x500.jpg 500w, https:\/\/lavia.cc\/gpx\/wp-content\/uploads\/2024\/03\/18d09aec8f9-100x100.jpg 100w, https:\/\/lavia.cc\/gpx\/wp-content\/uploads\/2024\/03\/18d09aec8f9-600x600.jpg 600w, https:\/\/lavia.cc\/gpx\/wp-content\/uploads\/2024\/03\/18d09aec8f9-64x64.jpg 64w, https:\/\/lavia.cc\/gpx\/wp-content\/uploads\/2024\/03\/18d09aec8f9-300x300.jpg 300w, https:\/\/lavia.cc\/gpx\/wp-content\/uploads\/2024\/03\/18d09aec8f9-1024x1024.jpg 1024w, https:\/\/lavia.cc\/gpx\/wp-content\/uploads\/2024\/03\/18d09aec8f9-150x150.jpg 150w, https:\/\/lavia.cc\/gpx\/wp-content\/uploads\/2024\/03\/18d09aec8f9-768x768.jpg 768w, https:\/\/lavia.cc\/gpx\/wp-content\/uploads\/2024\/03\/18d09aec8f9.jpg 1536w\" sizes=\"(max-width: 500px) 100vw, 500px\" \/>\n<div class='yith-wcbm-badge yith-wcbm-badge-9241 yith-wcbm-badge-text yith-wcbm-badge--on-product-11259 yith-wcbm-badge-text' data-position='{&quot;top&quot;:&quot;0&quot;,&quot;right&quot;:&quot;0&quot;,&quot;bottom&quot;:&quot;auto&quot;,&quot;left&quot;:&quot;auto&quot;}' data-transform=\"\">\n\t<div class='yith-wcbm-badge__wrap'>\n\t\t<div class=\"yith-wcbm-badge-text\"><p style=\"line-height: 16px;text-align: center\"><span style=\"color: #ffffff\"><strong>@pietro_franzese<\/strong><\/span><\/p><\/div>\n\t<\/div>\n<\/div>\n<!--yith-wcbm-badge-->\n<\/div><!--container-image-and-badge--><h2 class=\"woocommerce-loop-product__title\">Salita alla Sacra di San Michele in bici<\/h2>\n<\/a><a href=\"https:\/\/lavia.cc\/gpx\/tracce\/salita-alla-sacra-di-san-michele-in-bici\/\" aria-describedby=\"woocommerce_loop_add_to_cart_link_describedby_11259\" data-quantity=\"1\" class=\"button product_type_simple\" data-product_id=\"11259\" data-product_sku=\"\" aria-label=\"Leggi di pi\u00f9 su &quot;Salita alla Sacra di San Michele in bici&quot;\" rel=\"nofollow\" data-success_message=\"\">Download GPX<\/a>\t<span id=\"woocommerce_loop_add_to_cart_link_describedby_11259\" class=\"screen-reader-text\">\n\t\t\t<\/span>\n<\/li>\n<li class=\"product type-product post-9783 status-publish last instock product_cat-escursionismo product_tag-como product_tag-lombardia has-post-thumbnail downloadable virtual product-type-simple yith-wcbm-product-has-badges\">\n\t<a href=\"https:\/\/lavia.cc\/gpx\/tracce\/escursione-da-caglio-al-monte-palanzone\/\" class=\"woocommerce-LoopProduct-link woocommerce-loop-product__link\"><div class='container-image-and-badge  '><img loading=\"lazy\" decoding=\"async\" width=\"500\" height=\"500\" src=\"https:\/\/lavia.cc\/gpx\/wp-content\/uploads\/2024\/01\/18ccc232769-500x500.jpg\" class=\"attachment-woocommerce_thumbnail size-woocommerce_thumbnail\" alt=\"Escursione ad anello da Caglio al Monte Palanzone | Pietro Franzese | Traccia GPX | LAVIA\" srcset=\"https:\/\/lavia.cc\/gpx\/wp-content\/uploads\/2024\/01\/18ccc232769-500x500.jpg 500w, https:\/\/lavia.cc\/gpx\/wp-content\/uploads\/2024\/01\/18ccc232769-100x100.jpg 100w, https:\/\/lavia.cc\/gpx\/wp-content\/uploads\/2024\/01\/18ccc232769-600x600.jpg 600w, https:\/\/lavia.cc\/gpx\/wp-content\/uploads\/2024\/01\/18ccc232769-64x64.jpg 64w, https:\/\/lavia.cc\/gpx\/wp-content\/uploads\/2024\/01\/18ccc232769-300x300.jpg 300w, https:\/\/lavia.cc\/gpx\/wp-content\/uploads\/2024\/01\/18ccc232769-1024x1024.jpg 1024w, https:\/\/lavia.cc\/gpx\/wp-content\/uploads\/2024\/01\/18ccc232769-150x150.jpg 150w, https:\/\/lavia.cc\/gpx\/wp-content\/uploads\/2024\/01\/18ccc232769-768x768.jpg 768w, https:\/\/lavia.cc\/gpx\/wp-content\/uploads\/2024\/01\/18ccc232769.jpg 1536w\" sizes=\"(max-width: 500px) 100vw, 500px\" \/>\n<div class='yith-wcbm-badge yith-wcbm-badge-9241 yith-wcbm-badge-text yith-wcbm-badge--on-product-9783 yith-wcbm-badge-text' data-position='{&quot;top&quot;:&quot;0&quot;,&quot;right&quot;:&quot;0&quot;,&quot;bottom&quot;:&quot;auto&quot;,&quot;left&quot;:&quot;auto&quot;}' data-transform=\"\">\n\t<div class='yith-wcbm-badge__wrap'>\n\t\t<div class=\"yith-wcbm-badge-text\"><p style=\"line-height: 16px;text-align: center\"><span style=\"color: #ffffff\"><strong>@pietro_franzese<\/strong><\/span><\/p><\/div>\n\t<\/div>\n<\/div>\n<!--yith-wcbm-badge-->\n<\/div><!--container-image-and-badge--><h2 class=\"woocommerce-loop-product__title\">Da Caglio al Monte Palanzone<\/h2>\n<\/a><a href=\"https:\/\/lavia.cc\/gpx\/tracce\/escursione-da-caglio-al-monte-palanzone\/\" aria-describedby=\"woocommerce_loop_add_to_cart_link_describedby_9783\" data-quantity=\"1\" class=\"button product_type_simple\" data-product_id=\"9783\" data-product_sku=\"\" aria-label=\"Leggi di pi\u00f9 su &quot;Da Caglio al Monte Palanzone&quot;\" rel=\"nofollow\" data-success_message=\"\">Download GPX<\/a>\t<span id=\"woocommerce_loop_add_to_cart_link_describedby_9783\" class=\"screen-reader-text\">\n\t\t\t<\/span>\n<\/li>\n<li class=\"product type-product post-9609 status-publish first instock product_cat-gravel product_tag-bergamo product_tag-lago-diseo product_tag-lombardia has-post-thumbnail downloadable virtual product-type-simple yith-wcbm-product-has-badges\">\n\t<a href=\"https:\/\/lavia.cc\/gpx\/tracce\/gravel-tra-le-vigne-bergamasche\/\" class=\"woocommerce-LoopProduct-link woocommerce-loop-product__link\"><div class='container-image-and-badge  '><img loading=\"lazy\" decoding=\"async\" width=\"500\" height=\"500\" src=\"https:\/\/lavia.cc\/gpx\/wp-content\/uploads\/2024\/01\/18be6fd9a7a-500x500.jpg\" class=\"attachment-woocommerce_thumbnail size-woocommerce_thumbnail\" alt=\"Gravel tra le vigne bergamasche | Bergamo | Pietro Franzese | LAVIA\" srcset=\"https:\/\/lavia.cc\/gpx\/wp-content\/uploads\/2024\/01\/18be6fd9a7a-500x500.jpg 500w, https:\/\/lavia.cc\/gpx\/wp-content\/uploads\/2024\/01\/18be6fd9a7a-100x100.jpg 100w, https:\/\/lavia.cc\/gpx\/wp-content\/uploads\/2024\/01\/18be6fd9a7a-600x600.jpg 600w, https:\/\/lavia.cc\/gpx\/wp-content\/uploads\/2024\/01\/18be6fd9a7a-64x64.jpg 64w, https:\/\/lavia.cc\/gpx\/wp-content\/uploads\/2024\/01\/18be6fd9a7a-300x300.jpg 300w, https:\/\/lavia.cc\/gpx\/wp-content\/uploads\/2024\/01\/18be6fd9a7a-1024x1024.jpg 1024w, https:\/\/lavia.cc\/gpx\/wp-content\/uploads\/2024\/01\/18be6fd9a7a-150x150.jpg 150w, https:\/\/lavia.cc\/gpx\/wp-content\/uploads\/2024\/01\/18be6fd9a7a-768x769.jpg 768w, https:\/\/lavia.cc\/gpx\/wp-content\/uploads\/2024\/01\/18be6fd9a7a.jpg 1365w\" sizes=\"(max-width: 500px) 100vw, 500px\" \/>\n<div class='yith-wcbm-badge yith-wcbm-badge-9241 yith-wcbm-badge-text yith-wcbm-badge--on-product-9609 yith-wcbm-badge-text' data-position='{&quot;top&quot;:&quot;0&quot;,&quot;right&quot;:&quot;0&quot;,&quot;bottom&quot;:&quot;auto&quot;,&quot;left&quot;:&quot;auto&quot;}' data-transform=\"\">\n\t<div class='yith-wcbm-badge__wrap'>\n\t\t<div class=\"yith-wcbm-badge-text\"><p style=\"line-height: 16px;text-align: center\"><span style=\"color: #ffffff\"><strong>@pietro_franzese<\/strong><\/span><\/p><\/div>\n\t<\/div>\n<\/div>\n<!--yith-wcbm-badge-->\n<\/div><!--container-image-and-badge--><h2 class=\"woocommerce-loop-product__title\">Gravel tra le vigne bergamasche e panorami lombardi<\/h2>\n<\/a><a href=\"https:\/\/lavia.cc\/gpx\/tracce\/gravel-tra-le-vigne-bergamasche\/\" aria-describedby=\"woocommerce_loop_add_to_cart_link_describedby_9609\" data-quantity=\"1\" class=\"button product_type_simple\" data-product_id=\"9609\" data-product_sku=\"\" aria-label=\"Leggi di pi\u00f9 su &quot;Gravel tra le vigne bergamasche e panorami lombardi&quot;\" rel=\"nofollow\" data-success_message=\"\">Download GPX<\/a>\t<span id=\"woocommerce_loop_add_to_cart_link_describedby_9609\" class=\"screen-reader-text\">\n\t\t\t<\/span>\n<\/li>\n<li class=\"product type-product post-9254 status-publish instock product_cat-cicloturismo product_cat-gravel product_tag-latina product_tag-lazio has-post-thumbnail downloadable virtual product-type-simple yith-wcbm-product-has-badges\">\n\t<a href=\"https:\/\/lavia.cc\/gpx\/tracce\/trail-gravel-nel-parco-del-circeo\/\" class=\"woocommerce-LoopProduct-link woocommerce-loop-product__link\"><div class='container-image-and-badge  '><img loading=\"lazy\" decoding=\"async\" width=\"500\" height=\"500\" src=\"https:\/\/lavia.cc\/gpx\/wp-content\/uploads\/2024\/01\/Screenshot_20240113_212423_YouTube-500x500.jpg\" class=\"attachment-woocommerce_thumbnail size-woocommerce_thumbnail\" alt=\"Trail gravel nel Parco del Circeo | Pietro Franzese | Traccia GPX | LAVIA\" srcset=\"https:\/\/lavia.cc\/gpx\/wp-content\/uploads\/2024\/01\/Screenshot_20240113_212423_YouTube-500x500.jpg 500w, https:\/\/lavia.cc\/gpx\/wp-content\/uploads\/2024\/01\/Screenshot_20240113_212423_YouTube-100x100.jpg 100w, https:\/\/lavia.cc\/gpx\/wp-content\/uploads\/2024\/01\/Screenshot_20240113_212423_YouTube-600x600.jpg 600w, https:\/\/lavia.cc\/gpx\/wp-content\/uploads\/2024\/01\/Screenshot_20240113_212423_YouTube-64x64.jpg 64w, https:\/\/lavia.cc\/gpx\/wp-content\/uploads\/2024\/01\/Screenshot_20240113_212423_YouTube-300x300.jpg 300w, https:\/\/lavia.cc\/gpx\/wp-content\/uploads\/2024\/01\/Screenshot_20240113_212423_YouTube-1024x1024.jpg 1024w, https:\/\/lavia.cc\/gpx\/wp-content\/uploads\/2024\/01\/Screenshot_20240113_212423_YouTube-150x150.jpg 150w, https:\/\/lavia.cc\/gpx\/wp-content\/uploads\/2024\/01\/Screenshot_20240113_212423_YouTube-768x768.jpg 768w, https:\/\/lavia.cc\/gpx\/wp-content\/uploads\/2024\/01\/Screenshot_20240113_212423_YouTube.jpg 1080w\" sizes=\"(max-width: 500px) 100vw, 500px\" \/>\n<div class='yith-wcbm-badge yith-wcbm-badge-9241 yith-wcbm-badge-text yith-wcbm-badge--on-product-9254 yith-wcbm-badge-text' data-position='{&quot;top&quot;:&quot;0&quot;,&quot;right&quot;:&quot;0&quot;,&quot;bottom&quot;:&quot;auto&quot;,&quot;left&quot;:&quot;auto&quot;}' data-transform=\"\">\n\t<div class='yith-wcbm-badge__wrap'>\n\t\t<div class=\"yith-wcbm-badge-text\"><p style=\"line-height: 16px;text-align: center\"><span style=\"color: #ffffff\"><strong>@pietro_franzese<\/strong><\/span><\/p><\/div>\n\t<\/div>\n<\/div>\n<!--yith-wcbm-badge-->\n<\/div><!--container-image-and-badge--><h2 class=\"woocommerce-loop-product__title\">Trail Gravel nel Parco Del Circeo<\/h2>\n<\/a><a href=\"https:\/\/lavia.cc\/gpx\/tracce\/trail-gravel-nel-parco-del-circeo\/\" aria-describedby=\"woocommerce_loop_add_to_cart_link_describedby_9254\" data-quantity=\"1\" class=\"button product_type_simple\" data-product_id=\"9254\" data-product_sku=\"\" aria-label=\"Leggi di pi\u00f9 su &quot;Trail Gravel nel Parco Del Circeo&quot;\" rel=\"nofollow\" data-success_message=\"\">Download GPX<\/a>\t<span id=\"woocommerce_loop_add_to_cart_link_describedby_9254\" class=\"screen-reader-text\">\n\t\t\t<\/span>\n<\/li>\n<li class=\"product type-product post-9239 status-publish instock product_cat-escursionismo product_tag-albavilla product_tag-como product_tag-lombardia has-post-thumbnail downloadable virtual product-type-simple yith-wcbm-product-has-badges\">\n\t<a href=\"https:\/\/lavia.cc\/gpx\/tracce\/dallalpe-del-vicere-al-monte-boletto\/\" class=\"woocommerce-LoopProduct-link woocommerce-loop-product__link\"><div class='container-image-and-badge  '><img loading=\"lazy\" decoding=\"async\" width=\"500\" height=\"500\" src=\"https:\/\/lavia.cc\/gpx\/wp-content\/uploads\/2024\/01\/1-5-500x500.jpg\" class=\"attachment-woocommerce_thumbnail size-woocommerce_thumbnail\" alt=\"Dall\u2019Alpe del Vicer\u00e8 al Monte Boletto (passando dal Bolettone) | Traccia GPX | Escursioni Lombardia | LAVIA | Pietro Franzese\" srcset=\"https:\/\/lavia.cc\/gpx\/wp-content\/uploads\/2024\/01\/1-5-500x500.jpg 500w, https:\/\/lavia.cc\/gpx\/wp-content\/uploads\/2024\/01\/1-5-100x100.jpg 100w, https:\/\/lavia.cc\/gpx\/wp-content\/uploads\/2024\/01\/1-5-600x600.jpg 600w, https:\/\/lavia.cc\/gpx\/wp-content\/uploads\/2024\/01\/1-5-64x64.jpg 64w, https:\/\/lavia.cc\/gpx\/wp-content\/uploads\/2024\/01\/1-5-300x300.jpg 300w, https:\/\/lavia.cc\/gpx\/wp-content\/uploads\/2024\/01\/1-5-1024x1024.jpg 1024w, https:\/\/lavia.cc\/gpx\/wp-content\/uploads\/2024\/01\/1-5-150x150.jpg 150w, https:\/\/lavia.cc\/gpx\/wp-content\/uploads\/2024\/01\/1-5-768x768.jpg 768w, https:\/\/lavia.cc\/gpx\/wp-content\/uploads\/2024\/01\/1-5.jpg 1536w\" sizes=\"(max-width: 500px) 100vw, 500px\" \/>\n<div class='yith-wcbm-badge yith-wcbm-badge-9241 yith-wcbm-badge-text yith-wcbm-badge--on-product-9239 yith-wcbm-badge-text' data-position='{&quot;top&quot;:&quot;0&quot;,&quot;right&quot;:&quot;0&quot;,&quot;bottom&quot;:&quot;auto&quot;,&quot;left&quot;:&quot;auto&quot;}' data-transform=\"\">\n\t<div class='yith-wcbm-badge__wrap'>\n\t\t<div class=\"yith-wcbm-badge-text\"><p style=\"line-height: 16px;text-align: center\"><span style=\"color: #ffffff\"><strong>@pietro_franzese<\/strong><\/span><\/p><\/div>\n\t<\/div>\n<\/div>\n<!--yith-wcbm-badge-->\n<\/div><!--container-image-and-badge--><h2 class=\"woocommerce-loop-product__title\">Dall&#8217;Alpe del Vicer\u00e8 al Monte Boletto (passando dal Bolettone)<\/h2>\n<\/a><a href=\"https:\/\/lavia.cc\/gpx\/tracce\/dallalpe-del-vicere-al-monte-boletto\/\" aria-describedby=\"woocommerce_loop_add_to_cart_link_describedby_9239\" data-quantity=\"1\" class=\"button product_type_simple\" data-product_id=\"9239\" data-product_sku=\"\" aria-label=\"Leggi di pi\u00f9 su &quot;Dall&#039;Alpe del Vicer\u00e8 al Monte Boletto (passando dal Bolettone)&quot;\" rel=\"nofollow\" data-success_message=\"\">Download GPX<\/a>\t<span id=\"woocommerce_loop_add_to_cart_link_describedby_9239\" class=\"screen-reader-text\">\n\t\t\t<\/span>\n<\/li>\n<\/ul>\n<\/div><\/div>\n\t\t\t\t\t\t<\/div>\n\t\t\t\t<\/div>\n\t\t\t\t<\/div>\n\t\t\t\t<\/div>\n\t\t\t\t<\/div>\n\t\t\t\t\t<\/div>\n\t\t\t\t<\/div>\n\t\t<div class=\"elementor-element elementor-element-304323e e-flex e-con-boxed e-con e-parent\" data-id=\"304323e\" data-element_type=\"container\" data-e-type=\"container\">\n\t\t\t\t\t<div class=\"e-con-inner\">\n\t\t\t\t<div class=\"elementor-element elementor-element-bb8628b elementor-widget elementor-widget-text-editor\" data-id=\"bb8628b\" data-element_type=\"widget\" data-e-type=\"widget\" data-widget_type=\"text-editor.default\">\n\t\t\t\t<div class=\"elementor-widget-container\">\n\t\t\t\t\t\t\t\t\t<p>\ud83d\udfe2 Segui\u00a0<strong><a href=\"https:\/\/lavia.cc\/gpx\">LAVIA<\/a>,<\/strong>\u00a0arriva alla\u00a0<strong>META<\/strong>!<\/p>\t\t\t\t\t\t\t\t<\/div>\n\t\t\t\t<\/div>\n\t\t\t\t\t<\/div>\n\t\t\t\t<\/div>\n\t\t\t\t<\/div>\n\t\t","protected":false},"excerpt":{"rendered":"<p>Un giorno ho ripescato per caso da un canale una bici a scatto fisso e me ne sono innamorato. Dopo qualche anno, ho deciso che la fixed non sarebbe stata solo il mio mezzo di trasporto principale, ma che mi avrebbe anche accompagnato nei miei viaggi. E cos\u00ec \u00e8 stato. Ho percorso pi\u00f9 di 50.000 [&hellip;]<\/p>\n","protected":false},"author":1,"featured_media":0,"parent":0,"menu_order":0,"comment_status":"closed","ping_status":"closed","template":"","meta":{"footnotes":""},"categories":[1283],"tags":[],"class_list":["post-9261","page","type-page","status-publish","hentry","category-creator"],"blocksy_meta":{"styles_descriptor":{"styles":{"desktop":"","tablet":"","mobile":""},"google_fonts":[],"version":6}},"_links":{"self":[{"href":"https:\/\/lavia.cc\/gpx\/wp-json\/wp\/v2\/pages\/9261","targetHints":{"allow":["GET"]}}],"collection":[{"href":"https:\/\/lavia.cc\/gpx\/wp-json\/wp\/v2\/pages"}],"about":[{"href":"https:\/\/lavia.cc\/gpx\/wp-json\/wp\/v2\/types\/page"}],"author":[{"embeddable":true,"href":"https:\/\/lavia.cc\/gpx\/wp-json\/wp\/v2\/users\/1"}],"replies":[{"embeddable":true,"href":"https:\/\/lavia.cc\/gpx\/wp-json\/wp\/v2\/comments?post=9261"}],"version-history":[{"count":50,"href":"https:\/\/lavia.cc\/gpx\/wp-json\/wp\/v2\/pages\/9261\/revisions"}],"predecessor-version":[{"id":14514,"href":"https:\/\/lavia.cc\/gpx\/wp-json\/wp\/v2\/pages\/9261\/revisions\/14514"}],"wp:attachment":[{"href":"https:\/\/lavia.cc\/gpx\/wp-json\/wp\/v2\/media?parent=9261"}],"wp:term":[{"taxonomy":"category","embeddable":true,"href":"https:\/\/lavia.cc\/gpx\/wp-json\/wp\/v2\/categories?post=9261"},{"taxonomy":"post_tag","embeddable":true,"href":"https:\/\/lavia.cc\/gpx\/wp-json\/wp\/v2\/tags?post=9261"}],"curies":[{"name":"wp","href":"https:\/\/api.w.org\/{rel}","templated":true}]}}